{"id":611,"date":"2025-08-25T06:22:12","date_gmt":"2025-08-25T06:22:12","guid":{"rendered":"https:\/\/landschaftskongress.ch\/2024\/?page_id=611"},"modified":"2025-10-22T12:30:35","modified_gmt":"2025-10-22T12:30:35","slug":"accueil-2","status":"publish","type":"page","link":"https:\/\/congrespaysage.ch\/2024\/","title":{"rendered":"Actualit\u00e9s"},"content":{"rendered":"\t\t<div data-elementor-type=\"wp-page\" data-elementor-id=\"611\" class=\"elementor elementor-611 elementor-610\" data-elementor-post-type=\"page\">\n\t\t\t\t<div class=\"elementor-element elementor-element-cb320cf e-con-full e-flex elementor-invisible e-con e-parent\" data-id=\"cb320cf\" data-element_type=\"container\" data-e-type=\"container\" data-settings=\"{&quot;sticky&quot;:&quot;top&quot;,&quot;animation&quot;:&quot;fadeInUp&quot;,&quot;position&quot;:&quot;absolute&quot;,&quot;sticky_on&quot;:[&quot;desktop&quot;,&quot;tablet&quot;,&quot;mobile&quot;],&quot;sticky_offset&quot;:0,&quot;sticky_effects_offset&quot;:0,&quot;sticky_anchor_link_offset&quot;:0}\">\n\t\t<div class=\"elementor-element elementor-element-ead3a22 e-con-full e-flex e-con e-child\" data-id=\"ead3a22\" data-element_type=\"container\" data-e-type=\"container\">\n\t\t\t\t<div class=\"elementor-element elementor-element-8cfd7a1 elementor-widget elementor-widget-image\" data-id=\"8cfd7a1\" data-element_type=\"widget\" data-e-type=\"widget\" id=\"headerTitel_02\" data-widget_type=\"image.default\">\n\t\t\t\t<div class=\"elementor-widget-container\">\n\t\t\t\t\t\t\t\t\t\t\t\t\t\t\t<img fetchpriority=\"high\" decoding=\"async\" width=\"595\" height=\"294\" src=\"https:\/\/congrespaysage.ch\/2024\/wp-content\/uploads\/2025\/09\/landschaftskongress-2024-titel-FR.svg\" class=\"attachment-large size-large wp-image-568\" alt=\"\" \/>\t\t\t\t\t\t\t\t\t\t\t\t\t\t\t<\/div>\n\t\t\t\t<\/div>\n\t\t\t\t<\/div>\n\t\t<div class=\"elementor-element elementor-element-23fee91 e-con-full e-flex e-con e-child\" data-id=\"23fee91\" data-element_type=\"container\" data-e-type=\"container\">\n\t\t\t\t<div class=\"elementor-element elementor-element-cee8666 elementor-widget elementor-widget-heading\" data-id=\"cee8666\" data-element_type=\"widget\" data-e-type=\"widget\" id=\"headerTitel\" data-widget_type=\"heading.default\">\n\t\t\t\t<div class=\"elementor-widget-container\">\n\t\t\t\t\t<h1 class=\"elementor-heading-title elementor-size-default\">AU D\u00c9FI DE LA<br>TRANSITION :<br>FUTUR-<br>PAYSAGES<\/h1>\t\t\t\t<\/div>\n\t\t\t\t<\/div>\n\t\t\t\t<\/div>\n\t\t\t\t<\/div>\n\t\t<div class=\"elementor-element elementor-element-20aa8ad e-con-full e-flex e-con e-parent\" data-id=\"20aa8ad\" data-element_type=\"container\" data-e-type=\"container\">\n\t\t\t\t<div class=\"elementor-element elementor-element-fe57bb2 elementor-widget elementor-widget-image\" data-id=\"fe57bb2\" data-element_type=\"widget\" data-e-type=\"widget\" data-widget_type=\"image.default\">\n\t\t\t\t<div class=\"elementor-widget-container\">\n\t\t\t\t\t\t\t\t\t\t\t\t\t\t\t<img decoding=\"async\" width=\"800\" height=\"353\" src=\"https:\/\/congrespaysage.ch\/2024\/wp-content\/uploads\/2025\/07\/landschaftskongress-2024-header-grafik.svg\" class=\"attachment-large size-large wp-image-566\" alt=\"\" \/>\t\t\t\t\t\t\t\t\t\t\t\t\t\t\t<\/div>\n\t\t\t\t<\/div>\n\t\t\t\t<\/div>\n\t\t<div class=\"elementor-element elementor-element-a9b9272 e-flex e-con-boxed e-con e-parent\" data-id=\"a9b9272\" data-element_type=\"container\" data-e-type=\"container\" data-settings=\"{&quot;background_background&quot;:&quot;classic&quot;}\">\n\t\t\t\t\t<div class=\"e-con-inner\">\n\t\t\t\t<div class=\"elementor-element elementor-element-d507aab elementor-widget elementor-widget-heading\" data-id=\"d507aab\" data-element_type=\"widget\" data-e-type=\"widget\" data-widget_type=\"heading.default\">\n\t\t\t\t<div class=\"elementor-widget-container\">\n\t\t\t\t\t<h2 class=\"elementor-heading-title elementor-size-default\">Nouvelles \/ Actualit\u00e9s<\/h2>\t\t\t\t<\/div>\n\t\t\t\t<\/div>\n\t\t<div class=\"elementor-element elementor-element-10a46e6 e-con-full e-flex e-con e-child\" data-id=\"10a46e6\" data-element_type=\"container\" data-e-type=\"container\">\n\t\t\t\t<div class=\"elementor-element elementor-element-9bc2d4e elementor-invisible elementor-widget elementor-widget-heading\" data-id=\"9bc2d4e\" data-element_type=\"widget\" data-e-type=\"widget\" data-settings=\"{&quot;_animation&quot;:&quot;fadeInUp&quot;}\" data-widget_type=\"heading.default\">\n\t\t\t\t<div class=\"elementor-widget-container\">\n\t\t\t\t\t<h3 class=\"elementor-heading-title elementor-size-default\">C'\u00e9tait le 4e Congr\u00e8s suisse du paysage<\/h3>\t\t\t\t<\/div>\n\t\t\t\t<\/div>\n\t\t\t\t<div class=\"elementor-element elementor-element-17d7a4b elementor-invisible elementor-widget elementor-widget-text-editor\" data-id=\"17d7a4b\" data-element_type=\"widget\" data-e-type=\"widget\" data-settings=\"{&quot;_animation&quot;:&quot;fadeIn&quot;,&quot;_animation_delay&quot;:300}\" data-widget_type=\"text-editor.default\">\n\t\t\t\t<div class=\"elementor-widget-container\">\n\t\t\t\t\t\t\t\t\t<p>Pr\u00e8s de 350 personnes issues de la pratique, de la recherche, de l&rsquo;administration et de l&rsquo;enseignement se sont r\u00e9unies le 5. et 6 septembre 2024 \u00e0 Tramelan et Bellelay. Les d\u00e9fis actuels pour le paysage en Suisse ont \u00e9t\u00e9 discut\u00e9s lors d&rsquo;une table ronde, de conf\u00e9rences pl\u00e9ni\u00e8res, de manifestations parall\u00e8les avec des expos\u00e9s, d&rsquo;excursions, sur la place du march\u00e9 et dans le cadre d&rsquo;un programme vari\u00e9 en soir\u00e9e. Un grand merci \u00e0 tous les intervenants, promoteurs, partenaires, sponsors et participants qui ont contribu\u00e9 \u00e0 la r\u00e9ussite de ce congr\u00e8s.<\/p><p>La <a class=\"external_2024\" title=\"Table ronde\" href=\"https:\/\/www.youtube.com\/watch?v=YtB6CcPpK_E&amp;t=1s\" target=\"_blank\" rel=\"noopener\" data-link-target=\"blank\">table ronde<\/a> d&rsquo;ouverture sur la cha\u00eene YouTube de la SCNAT.<\/p><p>L&rsquo;<a class=\"external_2024\" title=\"Observation de la r\u00e9union\" href=\"https:\/\/www.youtube.com\/watch?v=xYFAFAqWaeQ\" target=\"_blank\" rel=\"noopener\" data-link-target=\"blank\">observation de la conf\u00e9rence<\/a> sur la cha\u00eene YouTube de la SCNAT.<\/p><p>Le 4e Congr\u00e8s suisse du paysage chez <a class=\"external_2024\" title=\"Rez-de-chauss\u00e9e sur\u00e9lev\u00e9\" href=\"https:\/\/www.hochparterre.ch\/nachrichten\/landschaftsarchitektur\/transit-in-die-zukunftslandschaft#\" target=\"_blank\" rel=\"noopener\" data-link-target=\"blank\">Hochparterre<\/a>.<\/p>\t\t\t\t\t\t\t\t<\/div>\n\t\t\t\t<\/div>\n\t\t\t\t<\/div>\n\t\t<div class=\"elementor-element elementor-element-8adf3b2 e-con-full e-flex e-con e-child\" data-id=\"8adf3b2\" data-element_type=\"container\" data-e-type=\"container\">\n\t\t\t\t<div class=\"elementor-element elementor-element-9395186 elementor-invisible elementor-widget elementor-widget-heading\" data-id=\"9395186\" data-element_type=\"widget\" data-e-type=\"widget\" data-settings=\"{&quot;_animation&quot;:&quot;fadeInUp&quot;}\" data-widget_type=\"heading.default\">\n\t\t\t\t<div class=\"elementor-widget-container\">\n\t\t\t\t\t<h3 class=\"elementor-heading-title elementor-size-default\">Le 5e Congr\u00e8s suisse du paysage \u00e0 Davos<\/h3>\t\t\t\t<\/div>\n\t\t\t\t<\/div>\n\t\t\t\t<div class=\"elementor-element elementor-element-a4808ae elementor-invisible elementor-widget elementor-widget-text-editor\" data-id=\"a4808ae\" data-element_type=\"widget\" data-e-type=\"widget\" data-settings=\"{&quot;_animation&quot;:&quot;fadeIn&quot;,&quot;_animation_delay&quot;:300}\" data-widget_type=\"text-editor.default\">\n\t\t\t\t<div class=\"elementor-widget-container\">\n\t\t\t\t\t\t\t\t\t<p>Pour conclure le 4e Congr\u00e8s sur le paysage, le WSL a pu accueillir le 5e Congr\u00e8s suisse du paysage, que celui-ci se tiendra le 3. et Le sommet de Davos aura lieu les 3 et 4 septembre 2026.<\/p>\t\t\t\t\t\t\t\t<\/div>\n\t\t\t\t<\/div>\n\t\t\t\t<\/div>\n\t\t<div class=\"elementor-element elementor-element-8821ffa e-con-full e-flex e-con e-child\" data-id=\"8821ffa\" data-element_type=\"container\" data-e-type=\"container\">\n\t\t\t\t<div class=\"elementor-element elementor-element-44d757b elementor-invisible elementor-widget elementor-widget-heading\" data-id=\"44d757b\" data-element_type=\"widget\" data-e-type=\"widget\" data-settings=\"{&quot;_animation&quot;:&quot;fadeInUp&quot;}\" data-widget_type=\"heading.default\">\n\t\t\t\t<div class=\"elementor-widget-container\">\n\t\t\t\t\t<h3 class=\"elementor-heading-title elementor-size-default\">Le Book of Abstracts et le programme de pliage sont en ligne<\/h3>\t\t\t\t<\/div>\n\t\t\t\t<\/div>\n\t\t\t\t<div class=\"elementor-element elementor-element-1a2a039 elementor-invisible elementor-widget elementor-widget-text-editor\" data-id=\"1a2a039\" data-element_type=\"widget\" data-e-type=\"widget\" data-settings=\"{&quot;_animation&quot;:&quot;fadeIn&quot;,&quot;_animation_delay&quot;:300}\" data-widget_type=\"text-editor.default\">\n\t\t\t\t<div class=\"elementor-widget-container\">\n\t\t\t\t\t\t\t\t\t<p>Le Book of Abstracts contient les r\u00e9sum\u00e9s des conf\u00e9rences, les fiches d&rsquo;information des excursions, de nombreux posters ainsi que toutes les autres informations sur le 4e Congr\u00e8s suisse du paysage.<\/p><p>T\u00e9l\u00e9chargements : <br><a href=\"\/2024\/wp-content\/uploads\/2025\/10\/Landschaftskongress-2024-Book.of-Abstract-FR.pdf\" target=\"_blank\" rel=\"noopener\">Book of Abstracts<\/a><br><a href=\"\/2024\/wp-content\/uploads\/2025\/10\/Landschaftskongress-2024-Programm-FR.pdf\" target=\"_blank\" rel=\"noopener\">Programme de d\u00e9pliants<\/a><\/p>\t\t\t\t\t\t\t\t<\/div>\n\t\t\t\t<\/div>\n\t\t\t\t<\/div>\n\t\t<div class=\"elementor-element elementor-element-8a9161f e-con-full e-flex e-con e-child\" data-id=\"8a9161f\" data-element_type=\"container\" data-e-type=\"container\">\n\t\t\t\t<div class=\"elementor-element elementor-element-d01b2b3 elementor-invisible elementor-widget elementor-widget-heading\" data-id=\"d01b2b3\" data-element_type=\"widget\" data-e-type=\"widget\" data-settings=\"{&quot;_animation&quot;:&quot;fadeInUp&quot;}\" data-widget_type=\"heading.default\">\n\t\t\t\t<div class=\"elementor-widget-container\">\n\t\t\t\t\t<h3 class=\"elementor-heading-title elementor-size-default\">Au d\u00e9fi de la transition : Paysages du futur<\/h3>\t\t\t\t<\/div>\n\t\t\t\t<\/div>\n\t\t\t\t<div class=\"elementor-element elementor-element-ea0b560 elementor-invisible elementor-widget elementor-widget-text-editor\" data-id=\"ea0b560\" data-element_type=\"widget\" data-e-type=\"widget\" data-settings=\"{&quot;_animation&quot;:&quot;fadeIn&quot;,&quot;_animation_delay&quot;:300}\" data-widget_type=\"text-editor.default\">\n\t\t\t\t<div class=\"elementor-widget-container\">\n\t\t\t\t\t\t\t\t\t<p>Le paysage \u00e9volue en fonction de l&rsquo;interaction entre l&rsquo;homme et l&rsquo;environnement. Elle est modifi\u00e9e par notre action. En m\u00eame temps, elle nous change aussi : comment nous vivons, travaillons et pensons. Face au changement climatique, \u00e0 la diminution de la biodiversit\u00e9, aux questions de s\u00e9curit\u00e9 alimentaire et \u00e9nerg\u00e9tique, \u00e0 l&rsquo;interconnexion \u00e9conomique mondiale et \u00e0 l&rsquo;\u00e9volution d\u00e9mographique, le paysage est aujourd&rsquo;hui soumis \u00e0 de nombreuses exigences : Il doit pr\u00e9server la qualit\u00e9 de notre cadre de vie, permettre un d\u00e9veloppement territorial diversifi\u00e9 \u00e0 l&rsquo;\u00e9chelle r\u00e9gionale et une architecture adapt\u00e9e au contexte. Elle doit contribuer \u00e0 l&rsquo;\u00e9conomie, fournir du travail et des loisirs et permettre une utilisation durable des ressources. Dans la pratique, la recherche de solutions adapt\u00e9es au contexte local s&rsquo;av\u00e8re complexe, car les diff\u00e9rentes exigences sont souvent en concurrence.  <\/p><p>Le 4e Congr\u00e8s suisse du paysage discutera de ces d\u00e9fis pour le paysage en Suisse : les 5 et 6 septembre 2024 \u00e0 Tramelan et Bellelay dans le Parc naturel r\u00e9gional Chasseral. Les personnes int\u00e9ress\u00e9es par la pratique, la politique, la recherche et l&rsquo;enseignement sont invit\u00e9es \u00e0 participer au dialogue.<\/p>\t\t\t\t\t\t\t\t<\/div>\n\t\t\t\t<\/div>\n\t\t\t\t<\/div>\n\t\t\t\t\t<\/div>\n\t\t\t\t<\/div>\n\t\t\t\t<\/div>\n\t\t","protected":false},"excerpt":{"rendered":"<p>AU D\u00c9FI DE LATRANSITION :FUTUR-PAYSAGES Nouvelles \/ Actualit\u00e9s C&rsquo;\u00e9tait le 4e Congr\u00e8s suisse du paysage Pr\u00e8s de 350 personnes issues de la pratique, de la recherche, de l&rsquo;administration et de l&rsquo;enseignement se sont r\u00e9unies le 5. et 6 septembre 2024 \u00e0 Tramelan et Bellelay. Les d\u00e9fis actuels pour le paysage en Suisse ont \u00e9t\u00e9 discut\u00e9s [&hellip;]<\/p>\n","protected":false},"author":1,"featured_media":0,"parent":0,"menu_order":0,"comment_status":"closed","ping_status":"closed","template":"","meta":{"footnotes":""},"class_list":["post-611","page","type-page","status-publish","hentry"],"_links":{"self":[{"href":"https:\/\/congrespaysage.ch\/2024\/wp-json\/wp\/v2\/pages\/611","targetHints":{"allow":["GET"]}}],"collection":[{"href":"https:\/\/congrespaysage.ch\/2024\/wp-json\/wp\/v2\/pages"}],"about":[{"href":"https:\/\/congrespaysage.ch\/2024\/wp-json\/wp\/v2\/types\/page"}],"author":[{"embeddable":true,"href":"https:\/\/congrespaysage.ch\/2024\/wp-json\/wp\/v2\/users\/1"}],"replies":[{"embeddable":true,"href":"https:\/\/congrespaysage.ch\/2024\/wp-json\/wp\/v2\/comments?post=611"}],"version-history":[{"count":6,"href":"https:\/\/congrespaysage.ch\/2024\/wp-json\/wp\/v2\/pages\/611\/revisions"}],"predecessor-version":[{"id":778,"href":"https:\/\/congrespaysage.ch\/2024\/wp-json\/wp\/v2\/pages\/611\/revisions\/778"}],"wp:attachment":[{"href":"https:\/\/congrespaysage.ch\/2024\/wp-json\/wp\/v2\/media?parent=611"}],"curies":[{"name":"wp","href":"https:\/\/api.w.org\/{rel}","templated":true}]}}