{"id":833,"date":"2025-07-07T07:07:06","date_gmt":"2025-07-07T07:07:06","guid":{"rendered":"https:\/\/landschaftskongress.ch\/2020\/ueber-uns\/"},"modified":"2025-09-03T09:24:08","modified_gmt":"2025-09-03T09:24:08","slug":"ueber-uns","status":"publish","type":"page","link":"https:\/\/congrespaysage.ch\/2020\/ueber-uns\/","title":{"rendered":"\u00c0 propos de nous"},"content":{"rendered":"\t\t<div data-elementor-type=\"wp-page\" data-elementor-id=\"833\" class=\"elementor elementor-833 elementor-208\" data-elementor-post-type=\"page\">\n\t\t\t\t<div class=\"elementor-element elementor-element-61b230c e-flex e-con-boxed elementor-invisible e-con e-parent\" data-id=\"61b230c\" data-element_type=\"container\" data-e-type=\"container\" data-settings=\"{&quot;sticky&quot;:&quot;top&quot;,&quot;animation&quot;:&quot;fadeInUp&quot;,&quot;position&quot;:&quot;absolute&quot;,&quot;sticky_on&quot;:[&quot;desktop&quot;,&quot;tablet&quot;,&quot;mobile&quot;],&quot;sticky_offset&quot;:0,&quot;sticky_effects_offset&quot;:0,&quot;sticky_anchor_link_offset&quot;:0}\">\n\t\t\t\t\t<div class=\"e-con-inner\">\n\t\t<div class=\"elementor-element elementor-element-eecb991 e-con-full e-flex e-con e-child\" data-id=\"eecb991\" data-element_type=\"container\" data-e-type=\"container\">\n\t\t\t\t<div class=\"elementor-element elementor-element-e7df01d elementor-invisible elementor-widget elementor-widget-heading\" data-id=\"e7df01d\" data-element_type=\"widget\" data-e-type=\"widget\" id=\"headerTitel\" data-settings=\"{&quot;_animation&quot;:&quot;fadeInUp&quot;}\" data-widget_type=\"heading.default\">\n\t\t\t\t<div class=\"elementor-widget-container\">\n\t\t\t\t\t<h1 class=\"elementor-heading-title elementor-size-default\">\u00c0 propos de nous<\/h1>\t\t\t\t<\/div>\n\t\t\t\t<\/div>\n\t\t\t\t<\/div>\n\t\t\t\t\t<\/div>\n\t\t\t\t<\/div>\n\t\t<div class=\"elementor-element elementor-element-9271da4 e-con-full e-flex e-con e-parent\" data-id=\"9271da4\" data-element_type=\"container\" data-e-type=\"container\" data-settings=\"{&quot;background_background&quot;:&quot;classic&quot;}\">\n\t\t\t\t<div class=\"elementor-element elementor-element-59162a1 elementor-widget elementor-widget-spacer\" data-id=\"59162a1\" data-element_type=\"widget\" data-e-type=\"widget\" data-widget_type=\"spacer.default\">\n\t\t\t\t<div class=\"elementor-widget-container\">\n\t\t\t\t\t\t\t<div class=\"elementor-spacer\">\n\t\t\t<div class=\"elementor-spacer-inner\"><\/div>\n\t\t<\/div>\n\t\t\t\t\t\t<\/div>\n\t\t\t\t<\/div>\n\t\t\t\t<\/div>\n\t\t<div class=\"elementor-element elementor-element-0c59999 e-flex e-con-boxed e-con e-parent\" data-id=\"0c59999\" data-element_type=\"container\" data-e-type=\"container\" data-settings=\"{&quot;background_background&quot;:&quot;classic&quot;}\">\n\t\t\t\t\t<div class=\"e-con-inner\">\n\t\t\t\t<div class=\"elementor-element elementor-element-3a4fc3b elementor-invisible elementor-widget elementor-widget-heading\" data-id=\"3a4fc3b\" data-element_type=\"widget\" data-e-type=\"widget\" data-settings=\"{&quot;_animation&quot;:&quot;fadeInUp&quot;}\" data-widget_type=\"heading.default\">\n\t\t\t\t<div class=\"elementor-widget-container\">\n\t\t\t\t\t<h2 class=\"elementor-heading-title elementor-size-default\">Instances responsables \u2013 2e congr\u00e8s du paysage<\/h2>\t\t\t\t<\/div>\n\t\t\t\t<\/div>\n\t\t\t\t<div class=\"elementor-element elementor-element-386b0cb elementor-widget__width-initial elementor-invisible elementor-widget elementor-widget-text-editor\" data-id=\"386b0cb\" data-element_type=\"widget\" data-e-type=\"widget\" data-settings=\"{&quot;_animation&quot;:&quot;fadeIn&quot;,&quot;_animation_delay&quot;:300}\" data-widget_type=\"text-editor.default\">\n\t\t\t\t<div class=\"elementor-widget-container\">\n\t\t\t\t\t\t\t\t\t<p>Le 2e congr\u00e8s du paysage est organis\u00e9 par le <a class=\"external_2020\" title=\"FoLAP\" href=\"https:\/\/naturwissenschaften.ch\/organisations\/forum_landscape_alps_parks\" target=\"_blank\" rel=\"noopener\" data-link-target=\"blank\">Forum paysage, Alpes, parcs<\/a> (SCNAT) avec les instances responsables et les partenaires suivants:<\/p>\t\t\t\t\t\t\t\t<\/div>\n\t\t\t\t<\/div>\n\t\t<div class=\"elementor-element elementor-element-3af0ea8 e-con-full e-flex e-con e-child\" data-id=\"3af0ea8\" data-element_type=\"container\" data-e-type=\"container\">\n\t\t\t\t<div class=\"elementor-element elementor-element-d875208 elementor-invisible elementor-widget elementor-widget-heading\" data-id=\"d875208\" data-element_type=\"widget\" data-e-type=\"widget\" data-settings=\"{&quot;_animation&quot;:&quot;fadeInUp&quot;}\" data-widget_type=\"heading.default\">\n\t\t\t\t<div class=\"elementor-widget-container\">\n\t\t\t\t\t<h3 class=\"elementor-heading-title elementor-size-default\">Instances responsables<\/h3>\t\t\t\t<\/div>\n\t\t\t\t<\/div>\n\t\t\t\t<div class=\"elementor-element elementor-element-dfc4e54 Auflistung elementor-invisible elementor-widget elementor-widget-text-editor\" data-id=\"dfc4e54\" data-element_type=\"widget\" data-e-type=\"widget\" data-settings=\"{&quot;_animation&quot;:&quot;fadeIn&quot;,&quot;_animation_delay&quot;:300}\" data-widget_type=\"text-editor.default\">\n\t\t\t\t<div class=\"elementor-widget-container\">\n\t\t\t\t\t\t\t\t\t<ul><li>Office f\u00e9d\u00e9ral de l\u2019environmement OFEV<\/li><li>Office f\u00e9d\u00e9ral de l\u2019agriculture<\/li><li>Office f\u00e9d\u00e9ral de la culture OFC<\/li><li>Office f\u00e9d\u00e9ral du d\u00e9veloppement territorial ARE<\/li><li>Canton de Vaud<\/li><li>Acad\u00e9mie suisse des sciences naturelles SCNAT<\/li><li>Institut f\u00e9d\u00e9ral de recherches sur la for\u00eat, la neige et le paysage WSL <\/li><li>Haute \u00e9cole du paysage, d\u2019ing\u00e9nierie et d\u2019architecture de Gen\u00e8ve, HEPIA<\/li><li>Groupe th\u00e9matique interdisciplinaire \u00abespace &amp; soci\u00e9t\u00e9\u00bb, Haute \u00e9cole sp\u00e9cialis\u00e9e de Lucerne HSLU<\/li><li>Institute for Spatial and Landscape Development IRL, ETH Zurich<\/li><li>Institut f\u00fcr Landschaft und Freiraum ILF, Haute \u00e9cole sp\u00e9cialis\u00e9e de Rapperswil HSR<\/li><li>Conf\u00e9rence des d\u00e9l\u00e9gu\u00e9s \u00e0 la protection de la nature et du paysage CDNP<\/li><li>Conf\u00e9rence suisse des am\u00e9nagistes cantonaux COSAC<\/li><li>F\u00e9d\u00e9ration Suisse des Architectes Paysagistes FSAP<\/li><li>Fonds Suisse pour le Paysage<\/li><li>R\u00e9seau des Parcs Suisses<\/li><li>Pro Natura<\/li><li>Soci\u00e9t\u00e9 suisse des ing\u00e9nieurs et des architectes SIA<\/li><li>Fondation suisse pour la protection et l\u2019am\u00e9nagement du paysage SL-FP<\/li><li>Club Alpin Suisse CAS<\/li><\/ul>\t\t\t\t\t\t\t\t<\/div>\n\t\t\t\t<\/div>\n\t\t\t\t<\/div>\n\t\t<div class=\"elementor-element elementor-element-fa09aaa e-con-full e-flex elementor-invisible e-con e-child\" data-id=\"fa09aaa\" data-element_type=\"container\" data-e-type=\"container\" data-settings=\"{&quot;animation&quot;:&quot;fadeIn&quot;,&quot;animation_delay&quot;:300}\">\n\t\t<div class=\"elementor-element elementor-element-9325cd4 e-grid e-con-full e-con e-child\" data-id=\"9325cd4\" data-element_type=\"container\" data-e-type=\"container\">\n\t\t\t\t<div class=\"elementor-element elementor-element-9dedaa3 elementor-widget elementor-widget-image\" data-id=\"9dedaa3\" data-element_type=\"widget\" data-e-type=\"widget\" data-widget_type=\"image.default\">\n\t\t\t\t<div class=\"elementor-widget-container\">\n\t\t\t\t\t\t\t\t\t\t\t\t\t\t\t\t<a href=\"https:\/\/naturwissenschaften.ch\/organisations\/forum_landscape_alps_parks\" target=\"_blank\">\n\t\t\t\t\t\t\t<img fetchpriority=\"high\" decoding=\"async\" width=\"500\" height=\"250\" src=\"https:\/\/congrespaysage.ch\/2020\/wp-content\/uploads\/2025\/07\/Akademie-der-Naturwissenschaften-Schweiz-SCNAT-Logo.jpg\" class=\"attachment-large size-large wp-image-600\" alt=\"\" srcset=\"https:\/\/congrespaysage.ch\/2020\/wp-content\/uploads\/2025\/07\/Akademie-der-Naturwissenschaften-Schweiz-SCNAT-Logo.jpg 500w, https:\/\/congrespaysage.ch\/2020\/wp-content\/uploads\/2025\/07\/Akademie-der-Naturwissenschaften-Schweiz-SCNAT-Logo-300x150.jpg 300w\" sizes=\"(max-width: 500px) 100vw, 500px\" \/>\t\t\t\t\t\t\t\t<\/a>\n\t\t\t\t\t\t\t\t\t\t\t\t\t\t\t<\/div>\n\t\t\t\t<\/div>\n\t\t\t\t<div class=\"elementor-element elementor-element-4ed5f92 elementor-widget elementor-widget-image\" data-id=\"4ed5f92\" data-element_type=\"widget\" data-e-type=\"widget\" data-widget_type=\"image.default\">\n\t\t\t\t<div class=\"elementor-widget-container\">\n\t\t\t\t\t\t\t\t\t\t\t\t\t\t\t\t<a href=\"https:\/\/www.bafu.admin.ch\/bafu\/de\/home\/themen\/landschaft.html\" target=\"_blank\">\n\t\t\t\t\t\t\t<img decoding=\"async\" width=\"500\" height=\"250\" src=\"https:\/\/congrespaysage.ch\/2020\/wp-content\/uploads\/2025\/07\/Bundesamt-Umwelt-BAFU-Logo.jpg\" class=\"attachment-large size-large wp-image-595\" alt=\"\" srcset=\"https:\/\/congrespaysage.ch\/2020\/wp-content\/uploads\/2025\/07\/Bundesamt-Umwelt-BAFU-Logo.jpg 500w, https:\/\/congrespaysage.ch\/2020\/wp-content\/uploads\/2025\/07\/Bundesamt-Umwelt-BAFU-Logo-300x150.jpg 300w\" sizes=\"(max-width: 500px) 100vw, 500px\" \/>\t\t\t\t\t\t\t\t<\/a>\n\t\t\t\t\t\t\t\t\t\t\t\t\t\t\t<\/div>\n\t\t\t\t<\/div>\n\t\t\t\t<div class=\"elementor-element elementor-element-d3c8a9b elementor-widget elementor-widget-image\" data-id=\"d3c8a9b\" data-element_type=\"widget\" data-e-type=\"widget\" data-widget_type=\"image.default\">\n\t\t\t\t<div class=\"elementor-widget-container\">\n\t\t\t\t\t\t\t\t\t\t\t\t\t\t\t\t<a href=\"https:\/\/www.blw.admin.ch\/\" target=\"_blank\">\n\t\t\t\t\t\t\t<img decoding=\"async\" width=\"500\" height=\"250\" src=\"https:\/\/congrespaysage.ch\/2020\/wp-content\/uploads\/2025\/08\/Bundesamt_Landwirtschaft_BLW-Logo.jpeg\" class=\"attachment-large size-large wp-image-800\" alt=\"\" srcset=\"https:\/\/congrespaysage.ch\/2020\/wp-content\/uploads\/2025\/08\/Bundesamt_Landwirtschaft_BLW-Logo.jpeg 500w, https:\/\/congrespaysage.ch\/2020\/wp-content\/uploads\/2025\/08\/Bundesamt_Landwirtschaft_BLW-Logo-300x150.jpeg 300w\" sizes=\"(max-width: 500px) 100vw, 500px\" \/>\t\t\t\t\t\t\t\t<\/a>\n\t\t\t\t\t\t\t\t\t\t\t\t\t\t\t<\/div>\n\t\t\t\t<\/div>\n\t\t\t\t<div class=\"elementor-element elementor-element-0114424 elementor-widget elementor-widget-image\" data-id=\"0114424\" data-element_type=\"widget\" data-e-type=\"widget\" data-widget_type=\"image.default\">\n\t\t\t\t<div class=\"elementor-widget-container\">\n\t\t\t\t\t\t\t\t\t\t\t\t\t\t\t\t<a href=\"https:\/\/www.bak.admin.ch\/\" target=\"_blank\">\n\t\t\t\t\t\t\t<img loading=\"lazy\" decoding=\"async\" width=\"500\" height=\"250\" src=\"https:\/\/congrespaysage.ch\/2020\/wp-content\/uploads\/2025\/07\/Bundesamt-Kultur-BAK-Logo.jpg\" class=\"attachment-large size-large wp-image-597\" alt=\"\" srcset=\"https:\/\/congrespaysage.ch\/2020\/wp-content\/uploads\/2025\/07\/Bundesamt-Kultur-BAK-Logo.jpg 500w, https:\/\/congrespaysage.ch\/2020\/wp-content\/uploads\/2025\/07\/Bundesamt-Kultur-BAK-Logo-300x150.jpg 300w\" sizes=\"(max-width: 500px) 100vw, 500px\" \/>\t\t\t\t\t\t\t\t<\/a>\n\t\t\t\t\t\t\t\t\t\t\t\t\t\t\t<\/div>\n\t\t\t\t<\/div>\n\t\t\t\t<div class=\"elementor-element elementor-element-f8e4213 elementor-widget elementor-widget-image\" data-id=\"f8e4213\" data-element_type=\"widget\" data-e-type=\"widget\" data-widget_type=\"image.default\">\n\t\t\t\t<div class=\"elementor-widget-container\">\n\t\t\t\t\t\t\t\t\t\t\t\t\t\t\t\t<a href=\"https:\/\/www.are.admin.ch\/\" target=\"_blank\">\n\t\t\t\t\t\t\t<img loading=\"lazy\" decoding=\"async\" width=\"500\" height=\"250\" src=\"https:\/\/congrespaysage.ch\/2020\/wp-content\/uploads\/2025\/08\/Bundesamt_Raumentwicklung_ARE-Logo.jpeg\" class=\"attachment-large size-large wp-image-802\" alt=\"\" srcset=\"https:\/\/congrespaysage.ch\/2020\/wp-content\/uploads\/2025\/08\/Bundesamt_Raumentwicklung_ARE-Logo.jpeg 500w, https:\/\/congrespaysage.ch\/2020\/wp-content\/uploads\/2025\/08\/Bundesamt_Raumentwicklung_ARE-Logo-300x150.jpeg 300w\" sizes=\"(max-width: 500px) 100vw, 500px\" \/>\t\t\t\t\t\t\t\t<\/a>\n\t\t\t\t\t\t\t\t\t\t\t\t\t\t\t<\/div>\n\t\t\t\t<\/div>\n\t\t\t\t<div class=\"elementor-element elementor-element-b1a60e2 elementor-widget elementor-widget-image\" data-id=\"b1a60e2\" data-element_type=\"widget\" data-e-type=\"widget\" data-widget_type=\"image.default\">\n\t\t\t\t<div class=\"elementor-widget-container\">\n\t\t\t\t\t\t\t\t\t\t\t\t\t\t\t\t<a href=\"https:\/\/www.vd.ch\/toutes-les-autorites\/departements\/departement-de-lenvironnement-et-de-la-securite-des\/direction-generale-de-lenvironnement-dge\/\" target=\"_blank\">\n\t\t\t\t\t\t\t<img loading=\"lazy\" decoding=\"async\" width=\"500\" height=\"250\" src=\"https:\/\/congrespaysage.ch\/2020\/wp-content\/uploads\/2025\/09\/logo20Kanton20Waadt.jpeg\" class=\"attachment-large size-large wp-image-975\" alt=\"\" srcset=\"https:\/\/congrespaysage.ch\/2020\/wp-content\/uploads\/2025\/09\/logo20Kanton20Waadt.jpeg 500w, https:\/\/congrespaysage.ch\/2020\/wp-content\/uploads\/2025\/09\/logo20Kanton20Waadt-300x150.jpeg 300w\" sizes=\"(max-width: 500px) 100vw, 500px\" \/>\t\t\t\t\t\t\t\t<\/a>\n\t\t\t\t\t\t\t\t\t\t\t\t\t\t\t<\/div>\n\t\t\t\t<\/div>\n\t\t\t\t<div class=\"elementor-element elementor-element-7f463d1 elementor-widget elementor-widget-image\" data-id=\"7f463d1\" data-element_type=\"widget\" data-e-type=\"widget\" data-widget_type=\"image.default\">\n\t\t\t\t<div class=\"elementor-widget-container\">\n\t\t\t\t\t\t\t\t\t\t\t\t\t\t\t\t<a href=\"https:\/\/www.wsl.ch\/de\/\" target=\"_blank\">\n\t\t\t\t\t\t\t<img loading=\"lazy\" decoding=\"async\" width=\"500\" height=\"250\" src=\"https:\/\/congrespaysage.ch\/2020\/wp-content\/uploads\/2025\/07\/WSL-logo.png\" class=\"attachment-large size-large wp-image-582\" alt=\"\" srcset=\"https:\/\/congrespaysage.ch\/2020\/wp-content\/uploads\/2025\/07\/WSL-logo.png 500w, https:\/\/congrespaysage.ch\/2020\/wp-content\/uploads\/2025\/07\/WSL-logo-300x150.png 300w\" sizes=\"(max-width: 500px) 100vw, 500px\" \/>\t\t\t\t\t\t\t\t<\/a>\n\t\t\t\t\t\t\t\t\t\t\t\t\t\t\t<\/div>\n\t\t\t\t<\/div>\n\t\t\t\t<div class=\"elementor-element elementor-element-58f016e elementor-widget elementor-widget-image\" data-id=\"58f016e\" data-element_type=\"widget\" data-e-type=\"widget\" data-widget_type=\"image.default\">\n\t\t\t\t<div class=\"elementor-widget-container\">\n\t\t\t\t\t\t\t\t\t\t\t\t\t\t\t\t<a href=\"https:\/\/www.hesge.ch\/hepia\/\" target=\"_blank\">\n\t\t\t\t\t\t\t<img loading=\"lazy\" decoding=\"async\" width=\"500\" height=\"250\" src=\"https:\/\/congrespaysage.ch\/2020\/wp-content\/uploads\/2025\/08\/HEPIA-Logo.jpeg\" class=\"attachment-large size-large wp-image-804\" alt=\"\" srcset=\"https:\/\/congrespaysage.ch\/2020\/wp-content\/uploads\/2025\/08\/HEPIA-Logo.jpeg 500w, https:\/\/congrespaysage.ch\/2020\/wp-content\/uploads\/2025\/08\/HEPIA-Logo-300x150.jpeg 300w\" sizes=\"(max-width: 500px) 100vw, 500px\" \/>\t\t\t\t\t\t\t\t<\/a>\n\t\t\t\t\t\t\t\t\t\t\t\t\t\t\t<\/div>\n\t\t\t\t<\/div>\n\t\t\t\t<div class=\"elementor-element elementor-element-624553e elementor-widget elementor-widget-image\" data-id=\"624553e\" data-element_type=\"widget\" data-e-type=\"widget\" data-widget_type=\"image.default\">\n\t\t\t\t<div class=\"elementor-widget-container\">\n\t\t\t\t\t\t\t\t\t\t\t\t\t\t\t\t<a href=\"https:\/\/www.hslu.ch\/de-ch\/technik-architektur\/\" target=\"_blank\">\n\t\t\t\t\t\t\t<img loading=\"lazy\" decoding=\"async\" width=\"500\" height=\"250\" src=\"https:\/\/congrespaysage.ch\/2020\/wp-content\/uploads\/2025\/07\/Hochschule-Luzern-HSLU-Raum-Gesellschaft-Logo.jpg\" class=\"attachment-large size-large wp-image-593\" alt=\"\" srcset=\"https:\/\/congrespaysage.ch\/2020\/wp-content\/uploads\/2025\/07\/Hochschule-Luzern-HSLU-Raum-Gesellschaft-Logo.jpg 500w, https:\/\/congrespaysage.ch\/2020\/wp-content\/uploads\/2025\/07\/Hochschule-Luzern-HSLU-Raum-Gesellschaft-Logo-300x150.jpg 300w\" sizes=\"(max-width: 500px) 100vw, 500px\" \/>\t\t\t\t\t\t\t\t<\/a>\n\t\t\t\t\t\t\t\t\t\t\t\t\t\t\t<\/div>\n\t\t\t\t<\/div>\n\t\t\t\t<div class=\"elementor-element elementor-element-94a843a elementor-widget elementor-widget-image\" data-id=\"94a843a\" data-element_type=\"widget\" data-e-type=\"widget\" data-widget_type=\"image.default\">\n\t\t\t\t<div class=\"elementor-widget-container\">\n\t\t\t\t\t\t\t\t\t\t\t\t\t\t\t\t<a href=\"https:\/\/plus.ethz.ch\/de\/\" target=\"_blank\">\n\t\t\t\t\t\t\t<img loading=\"lazy\" decoding=\"async\" width=\"500\" height=\"250\" src=\"https:\/\/congrespaysage.ch\/2020\/wp-content\/uploads\/2025\/09\/logo20ETH20Zuerich20IRL.jpeg\" class=\"attachment-large size-large wp-image-978\" alt=\"\" srcset=\"https:\/\/congrespaysage.ch\/2020\/wp-content\/uploads\/2025\/09\/logo20ETH20Zuerich20IRL.jpeg 500w, https:\/\/congrespaysage.ch\/2020\/wp-content\/uploads\/2025\/09\/logo20ETH20Zuerich20IRL-300x150.jpeg 300w\" sizes=\"(max-width: 500px) 100vw, 500px\" \/>\t\t\t\t\t\t\t\t<\/a>\n\t\t\t\t\t\t\t\t\t\t\t\t\t\t\t<\/div>\n\t\t\t\t<\/div>\n\t\t\t\t<div class=\"elementor-element elementor-element-f451452 elementor-widget elementor-widget-image\" data-id=\"f451452\" data-element_type=\"widget\" data-e-type=\"widget\" data-widget_type=\"image.default\">\n\t\t\t\t<div class=\"elementor-widget-container\">\n\t\t\t\t\t\t\t\t\t\t\t\t\t\t\t\t<a href=\"https:\/\/ilf.hsr.ch\/\" target=\"_blank\">\n\t\t\t\t\t\t\t<img loading=\"lazy\" decoding=\"async\" width=\"500\" height=\"250\" src=\"https:\/\/congrespaysage.ch\/2020\/wp-content\/uploads\/2025\/08\/Hochschule_Rapperswil_ILF-Logo.jpeg\" class=\"attachment-large size-large wp-image-796\" alt=\"\" srcset=\"https:\/\/congrespaysage.ch\/2020\/wp-content\/uploads\/2025\/08\/Hochschule_Rapperswil_ILF-Logo.jpeg 500w, https:\/\/congrespaysage.ch\/2020\/wp-content\/uploads\/2025\/08\/Hochschule_Rapperswil_ILF-Logo-300x150.jpeg 300w\" sizes=\"(max-width: 500px) 100vw, 500px\" \/>\t\t\t\t\t\t\t\t<\/a>\n\t\t\t\t\t\t\t\t\t\t\t\t\t\t\t<\/div>\n\t\t\t\t<\/div>\n\t\t\t\t<div class=\"elementor-element elementor-element-0f0c438 elementor-widget elementor-widget-image\" data-id=\"0f0c438\" data-element_type=\"widget\" data-e-type=\"widget\" data-widget_type=\"image.default\">\n\t\t\t\t<div class=\"elementor-widget-container\">\n\t\t\t\t\t\t\t\t\t\t\t\t\t\t\t\t<a href=\"https:\/\/kbnl.ch\/\" target=\"_blank\">\n\t\t\t\t\t\t\t<img loading=\"lazy\" decoding=\"async\" width=\"500\" height=\"250\" src=\"https:\/\/congrespaysage.ch\/2020\/wp-content\/uploads\/2025\/09\/logo20Konferenz20der20Beauftragten20Natur20und20Landschaftsschutz20KBNL.jpeg\" class=\"attachment-large size-large wp-image-980\" alt=\"\" srcset=\"https:\/\/congrespaysage.ch\/2020\/wp-content\/uploads\/2025\/09\/logo20Konferenz20der20Beauftragten20Natur20und20Landschaftsschutz20KBNL.jpeg 500w, https:\/\/congrespaysage.ch\/2020\/wp-content\/uploads\/2025\/09\/logo20Konferenz20der20Beauftragten20Natur20und20Landschaftsschutz20KBNL-300x150.jpeg 300w\" sizes=\"(max-width: 500px) 100vw, 500px\" \/>\t\t\t\t\t\t\t\t<\/a>\n\t\t\t\t\t\t\t\t\t\t\t\t\t\t\t<\/div>\n\t\t\t\t<\/div>\n\t\t\t\t<div class=\"elementor-element elementor-element-c77d14b elementor-widget elementor-widget-image\" data-id=\"c77d14b\" data-element_type=\"widget\" data-e-type=\"widget\" data-widget_type=\"image.default\">\n\t\t\t\t<div class=\"elementor-widget-container\">\n\t\t\t\t\t\t\t\t\t\t\t\t\t\t\t\t<a href=\"https:\/\/www.bpuk.ch\/kpk\/ueber-kpk\" target=\"_blank\">\n\t\t\t\t\t\t\t<img loading=\"lazy\" decoding=\"async\" width=\"500\" height=\"250\" src=\"https:\/\/congrespaysage.ch\/2020\/wp-content\/uploads\/2025\/07\/Kantonsplanerkonferenz-KPK-Logo.jpg\" class=\"attachment-large size-large wp-image-591\" alt=\"\" srcset=\"https:\/\/congrespaysage.ch\/2020\/wp-content\/uploads\/2025\/07\/Kantonsplanerkonferenz-KPK-Logo.jpg 500w, https:\/\/congrespaysage.ch\/2020\/wp-content\/uploads\/2025\/07\/Kantonsplanerkonferenz-KPK-Logo-300x150.jpg 300w\" sizes=\"(max-width: 500px) 100vw, 500px\" \/>\t\t\t\t\t\t\t\t<\/a>\n\t\t\t\t\t\t\t\t\t\t\t\t\t\t\t<\/div>\n\t\t\t\t<\/div>\n\t\t\t\t<div class=\"elementor-element elementor-element-5ea42d1 elementor-widget elementor-widget-image\" data-id=\"5ea42d1\" data-element_type=\"widget\" data-e-type=\"widget\" data-widget_type=\"image.default\">\n\t\t\t\t<div class=\"elementor-widget-container\">\n\t\t\t\t\t\t\t\t\t\t\t\t\t\t\t\t<a href=\"https:\/\/www.bsla.ch\/\" target=\"_blank\">\n\t\t\t\t\t\t\t<img loading=\"lazy\" decoding=\"async\" width=\"500\" height=\"250\" src=\"https:\/\/congrespaysage.ch\/2020\/wp-content\/uploads\/2025\/07\/BSLA-Logo.jpg\" class=\"attachment-large size-large wp-image-598\" alt=\"\" srcset=\"https:\/\/congrespaysage.ch\/2020\/wp-content\/uploads\/2025\/07\/BSLA-Logo.jpg 500w, https:\/\/congrespaysage.ch\/2020\/wp-content\/uploads\/2025\/07\/BSLA-Logo-300x150.jpg 300w\" sizes=\"(max-width: 500px) 100vw, 500px\" \/>\t\t\t\t\t\t\t\t<\/a>\n\t\t\t\t\t\t\t\t\t\t\t\t\t\t\t<\/div>\n\t\t\t\t<\/div>\n\t\t\t\t<div class=\"elementor-element elementor-element-763a498 elementor-widget elementor-widget-image\" data-id=\"763a498\" data-element_type=\"widget\" data-e-type=\"widget\" data-widget_type=\"image.default\">\n\t\t\t\t<div class=\"elementor-widget-container\">\n\t\t\t\t\t\t\t\t\t\t\t\t\t\t\t\t<a href=\"https:\/\/fls-fsp.ch\/\" target=\"_blank\">\n\t\t\t\t\t\t\t<img loading=\"lazy\" decoding=\"async\" width=\"500\" height=\"250\" src=\"https:\/\/congrespaysage.ch\/2020\/wp-content\/uploads\/2025\/07\/Fonds-Landschaft-Schweiz-Logo.jpg\" class=\"attachment-large size-large wp-image-594\" alt=\"\" srcset=\"https:\/\/congrespaysage.ch\/2020\/wp-content\/uploads\/2025\/07\/Fonds-Landschaft-Schweiz-Logo.jpg 500w, https:\/\/congrespaysage.ch\/2020\/wp-content\/uploads\/2025\/07\/Fonds-Landschaft-Schweiz-Logo-300x150.jpg 300w\" sizes=\"(max-width: 500px) 100vw, 500px\" \/>\t\t\t\t\t\t\t\t<\/a>\n\t\t\t\t\t\t\t\t\t\t\t\t\t\t\t<\/div>\n\t\t\t\t<\/div>\n\t\t\t\t<div class=\"elementor-element elementor-element-4f0e0ba elementor-widget elementor-widget-image\" data-id=\"4f0e0ba\" data-element_type=\"widget\" data-e-type=\"widget\" data-widget_type=\"image.default\">\n\t\t\t\t<div class=\"elementor-widget-container\">\n\t\t\t\t\t\t\t\t\t\t\t\t\t\t\t\t<a href=\"https:\/\/www.parks.swiss\/de\/\" target=\"_blank\">\n\t\t\t\t\t\t\t<img loading=\"lazy\" decoding=\"async\" width=\"500\" height=\"250\" src=\"https:\/\/congrespaysage.ch\/2020\/wp-content\/uploads\/2025\/07\/Netzwerk-Schweizer-Paerke-Logo.jpg\" class=\"attachment-large size-large wp-image-590\" alt=\"\" srcset=\"https:\/\/congrespaysage.ch\/2020\/wp-content\/uploads\/2025\/07\/Netzwerk-Schweizer-Paerke-Logo.jpg 500w, https:\/\/congrespaysage.ch\/2020\/wp-content\/uploads\/2025\/07\/Netzwerk-Schweizer-Paerke-Logo-300x150.jpg 300w\" sizes=\"(max-width: 500px) 100vw, 500px\" \/>\t\t\t\t\t\t\t\t<\/a>\n\t\t\t\t\t\t\t\t\t\t\t\t\t\t\t<\/div>\n\t\t\t\t<\/div>\n\t\t\t\t<div class=\"elementor-element elementor-element-2eb5cb8 elementor-widget elementor-widget-image\" data-id=\"2eb5cb8\" data-element_type=\"widget\" data-e-type=\"widget\" data-widget_type=\"image.default\">\n\t\t\t\t<div class=\"elementor-widget-container\">\n\t\t\t\t\t\t\t\t\t\t\t\t\t\t\t\t<a href=\"https:\/\/www.pronatura.ch\/\" target=\"_blank\">\n\t\t\t\t\t\t\t<img loading=\"lazy\" decoding=\"async\" width=\"500\" height=\"250\" src=\"https:\/\/congrespaysage.ch\/2020\/wp-content\/uploads\/2025\/09\/logo20Pro20Natura.jpeg\" class=\"attachment-large size-large wp-image-988\" alt=\"\" srcset=\"https:\/\/congrespaysage.ch\/2020\/wp-content\/uploads\/2025\/09\/logo20Pro20Natura.jpeg 500w, https:\/\/congrespaysage.ch\/2020\/wp-content\/uploads\/2025\/09\/logo20Pro20Natura-300x150.jpeg 300w\" sizes=\"(max-width: 500px) 100vw, 500px\" \/>\t\t\t\t\t\t\t\t<\/a>\n\t\t\t\t\t\t\t\t\t\t\t\t\t\t\t<\/div>\n\t\t\t\t<\/div>\n\t\t\t\t<div class=\"elementor-element elementor-element-74c4634 elementor-widget elementor-widget-image\" data-id=\"74c4634\" data-element_type=\"widget\" data-e-type=\"widget\" data-widget_type=\"image.default\">\n\t\t\t\t<div class=\"elementor-widget-container\">\n\t\t\t\t\t\t\t\t\t\t\t\t\t\t\t\t<a href=\"https:\/\/www.sia.ch\/\" target=\"_blank\">\n\t\t\t\t\t\t\t<img loading=\"lazy\" decoding=\"async\" width=\"500\" height=\"250\" src=\"https:\/\/congrespaysage.ch\/2020\/wp-content\/uploads\/2025\/07\/Schweizer-Ingenieur-und-Architektenverein-SIA-Logo.jpg\" class=\"attachment-large size-large wp-image-588\" alt=\"\" srcset=\"https:\/\/congrespaysage.ch\/2020\/wp-content\/uploads\/2025\/07\/Schweizer-Ingenieur-und-Architektenverein-SIA-Logo.jpg 500w, https:\/\/congrespaysage.ch\/2020\/wp-content\/uploads\/2025\/07\/Schweizer-Ingenieur-und-Architektenverein-SIA-Logo-300x150.jpg 300w\" sizes=\"(max-width: 500px) 100vw, 500px\" \/>\t\t\t\t\t\t\t\t<\/a>\n\t\t\t\t\t\t\t\t\t\t\t\t\t\t\t<\/div>\n\t\t\t\t<\/div>\n\t\t\t\t<div class=\"elementor-element elementor-element-feab3d4 elementor-widget elementor-widget-image\" data-id=\"feab3d4\" data-element_type=\"widget\" data-e-type=\"widget\" data-widget_type=\"image.default\">\n\t\t\t\t<div class=\"elementor-widget-container\">\n\t\t\t\t\t\t\t\t\t\t\t\t\t\t\t<img loading=\"lazy\" decoding=\"async\" width=\"500\" height=\"250\" src=\"https:\/\/congrespaysage.ch\/2020\/wp-content\/uploads\/2025\/07\/slfp-Logo.png\" class=\"attachment-large size-large wp-image-586\" alt=\"\" srcset=\"https:\/\/congrespaysage.ch\/2020\/wp-content\/uploads\/2025\/07\/slfp-Logo.png 500w, https:\/\/congrespaysage.ch\/2020\/wp-content\/uploads\/2025\/07\/slfp-Logo-300x150.png 300w\" sizes=\"(max-width: 500px) 100vw, 500px\" \/>\t\t\t\t\t\t\t\t\t\t\t\t\t\t\t<\/div>\n\t\t\t\t<\/div>\n\t\t\t\t<div class=\"elementor-element elementor-element-af58c47 elementor-widget elementor-widget-image\" data-id=\"af58c47\" data-element_type=\"widget\" data-e-type=\"widget\" data-widget_type=\"image.default\">\n\t\t\t\t<div class=\"elementor-widget-container\">\n\t\t\t\t\t\t\t\t\t\t\t\t\t\t\t\t<a href=\"https:\/\/www.sac-cas.ch\/\" target=\"_blank\">\n\t\t\t\t\t\t\t<img loading=\"lazy\" decoding=\"async\" width=\"500\" height=\"250\" src=\"https:\/\/congrespaysage.ch\/2020\/wp-content\/uploads\/2025\/09\/logo20Schweizerischer20Alpenclub20SAC.jpeg\" class=\"attachment-large size-large wp-image-986\" alt=\"\" srcset=\"https:\/\/congrespaysage.ch\/2020\/wp-content\/uploads\/2025\/09\/logo20Schweizerischer20Alpenclub20SAC.jpeg 500w, https:\/\/congrespaysage.ch\/2020\/wp-content\/uploads\/2025\/09\/logo20Schweizerischer20Alpenclub20SAC-300x150.jpeg 300w\" sizes=\"(max-width: 500px) 100vw, 500px\" \/>\t\t\t\t\t\t\t\t<\/a>\n\t\t\t\t\t\t\t\t\t\t\t\t\t\t\t<\/div>\n\t\t\t\t<\/div>\n\t\t\t\t<div class=\"elementor-element elementor-element-752f4e0 elementor-widget elementor-widget-image\" data-id=\"752f4e0\" data-element_type=\"widget\" data-e-type=\"widget\" data-widget_type=\"image.default\">\n\t\t\t\t<div class=\"elementor-widget-container\">\n\t\t\t\t\t\t\t\t\t\t\t\t\t\t\t\t<a href=\"https:\/\/www.binding-stiftung.ch\/\" target=\"_blank\">\n\t\t\t\t\t\t\t<img loading=\"lazy\" decoding=\"async\" width=\"500\" height=\"250\" src=\"https:\/\/congrespaysage.ch\/2020\/wp-content\/uploads\/2025\/09\/logo20Sophie20und20Karl20Binding20Stiftung.jpeg\" class=\"attachment-large size-large wp-image-984\" alt=\"\" srcset=\"https:\/\/congrespaysage.ch\/2020\/wp-content\/uploads\/2025\/09\/logo20Sophie20und20Karl20Binding20Stiftung.jpeg 500w, https:\/\/congrespaysage.ch\/2020\/wp-content\/uploads\/2025\/09\/logo20Sophie20und20Karl20Binding20Stiftung-300x150.jpeg 300w\" sizes=\"(max-width: 500px) 100vw, 500px\" \/>\t\t\t\t\t\t\t\t<\/a>\n\t\t\t\t\t\t\t\t\t\t\t\t\t\t\t<\/div>\n\t\t\t\t<\/div>\n\t\t\t\t<div class=\"elementor-element elementor-element-77f2746 elementor-widget elementor-widget-image\" data-id=\"77f2746\" data-element_type=\"widget\" data-e-type=\"widget\" data-widget_type=\"image.default\">\n\t\t\t\t<div class=\"elementor-widget-container\">\n\t\t\t\t\t\t\t\t\t\t\t\t\t\t\t<img loading=\"lazy\" decoding=\"async\" width=\"500\" height=\"250\" src=\"https:\/\/congrespaysage.ch\/2020\/wp-content\/uploads\/2025\/09\/logo20Bristol-Stiftung.jpeg\" class=\"attachment-large size-large wp-image-990\" alt=\"\" srcset=\"https:\/\/congrespaysage.ch\/2020\/wp-content\/uploads\/2025\/09\/logo20Bristol-Stiftung.jpeg 500w, https:\/\/congrespaysage.ch\/2020\/wp-content\/uploads\/2025\/09\/logo20Bristol-Stiftung-300x150.jpeg 300w\" sizes=\"(max-width: 500px) 100vw, 500px\" \/>\t\t\t\t\t\t\t\t\t\t\t\t\t\t\t<\/div>\n\t\t\t\t<\/div>\n\t\t\t\t<div class=\"elementor-element elementor-element-620f284 elementor-widget elementor-widget-image\" data-id=\"620f284\" data-element_type=\"widget\" data-e-type=\"widget\" data-widget_type=\"image.default\">\n\t\t\t\t<div class=\"elementor-widget-container\">\n\t\t\t\t\t\t\t\t\t\t\t\t\t\t\t\t<a href=\"https:\/\/paul-schiller-stiftung.ch\/\" target=\"_blank\">\n\t\t\t\t\t\t\t<img loading=\"lazy\" decoding=\"async\" width=\"500\" height=\"250\" src=\"https:\/\/congrespaysage.ch\/2020\/wp-content\/uploads\/2025\/09\/logo20Paul20Schiller20Stiftung.jpeg\" class=\"attachment-large size-large wp-image-982\" alt=\"\" srcset=\"https:\/\/congrespaysage.ch\/2020\/wp-content\/uploads\/2025\/09\/logo20Paul20Schiller20Stiftung.jpeg 500w, https:\/\/congrespaysage.ch\/2020\/wp-content\/uploads\/2025\/09\/logo20Paul20Schiller20Stiftung-300x150.jpeg 300w\" sizes=\"(max-width: 500px) 100vw, 500px\" \/>\t\t\t\t\t\t\t\t<\/a>\n\t\t\t\t\t\t\t\t\t\t\t\t\t\t\t<\/div>\n\t\t\t\t<\/div>\n\t\t\t\t<\/div>\n\t\t\t\t<\/div>\n\t\t\t\t\t<\/div>\n\t\t\t\t<\/div>\n\t\t<div class=\"elementor-element elementor-element-a8f13ab e-flex e-con-boxed e-con e-parent\" data-id=\"a8f13ab\" data-element_type=\"container\" data-e-type=\"container\" data-settings=\"{&quot;background_background&quot;:&quot;classic&quot;}\">\n\t\t\t\t\t<div class=\"e-con-inner\">\n\t\t\t\t<div class=\"elementor-element elementor-element-f2536c5 elementor-invisible elementor-widget elementor-widget-heading\" data-id=\"f2536c5\" data-element_type=\"widget\" data-e-type=\"widget\" data-settings=\"{&quot;_animation&quot;:&quot;fadeInUp&quot;}\" data-widget_type=\"heading.default\">\n\t\t\t\t<div class=\"elementor-widget-container\">\n\t\t\t\t\t<h2 class=\"elementor-heading-title elementor-size-default\">Partenaires<\/h2>\t\t\t\t<\/div>\n\t\t\t\t<\/div>\n\t\t<div class=\"elementor-element elementor-element-a6dd0cc e-con-full e-flex e-con e-child\" data-id=\"a6dd0cc\" data-element_type=\"container\" data-e-type=\"container\">\n\t\t<div class=\"elementor-element elementor-element-c151cf6 e-con-full e-flex e-con e-child\" data-id=\"c151cf6\" data-element_type=\"container\" data-e-type=\"container\">\n\t\t<div class=\"elementor-element elementor-element-4cc9f9f e-con-full e-flex e-con e-child\" data-id=\"4cc9f9f\" data-element_type=\"container\" data-e-type=\"container\">\n\t\t\t\t<div class=\"elementor-element elementor-element-0310e23 elementor-invisible elementor-widget elementor-widget-heading\" data-id=\"0310e23\" data-element_type=\"widget\" data-e-type=\"widget\" data-settings=\"{&quot;_animation&quot;:&quot;fadeInUp&quot;}\" data-widget_type=\"heading.default\">\n\t\t\t\t<div class=\"elementor-widget-container\">\n\t\t\t\t\t<h3 class=\"elementor-heading-title elementor-size-default\">Partenaires du 3e congr\u00e8s suisse du paysage<\/h3>\t\t\t\t<\/div>\n\t\t\t\t<\/div>\n\t\t\t\t<div class=\"elementor-element elementor-element-e9efda2 Auflistung elementor-invisible elementor-widget elementor-widget-text-editor\" data-id=\"e9efda2\" data-element_type=\"widget\" data-e-type=\"widget\" data-settings=\"{&quot;_animation&quot;:&quot;fadeIn&quot;,&quot;_animation_delay&quot;:300}\" data-widget_type=\"text-editor.default\">\n\t\t\t\t<div class=\"elementor-widget-container\">\n\t\t\t\t\t\t\t\t\t<ul><li>Agridea<\/li><li>Birdlife<\/li><li>CDE, Universit\u00e9 de Berne<\/li><li>CIPRA<\/li><li>Espacesuisse<\/li><li>FiBL (Institut de recherche de l&rsquo;agriculture biologique)<\/li><li>Forum Biodiversit\u00e9, SCNAT<\/li><li>Patrimoine Suisse<\/li><li>Schweizerischer St\u00e4dteverband<\/li><li>svu-asep (Association suisse des professionnels de l&rsquo;environment)<\/li><\/ul>\t\t\t\t\t\t\t\t<\/div>\n\t\t\t\t<\/div>\n\t\t\t\t<\/div>\n\t\t<div class=\"elementor-element elementor-element-e831a7c e-con-full e-flex e-con e-child\" data-id=\"e831a7c\" data-element_type=\"container\" data-e-type=\"container\">\n\t\t\t\t<div class=\"elementor-element elementor-element-6d457cc elementor-invisible elementor-widget elementor-widget-heading\" data-id=\"6d457cc\" data-element_type=\"widget\" data-e-type=\"widget\" data-settings=\"{&quot;_animation&quot;:&quot;fadeInUp&quot;}\" data-widget_type=\"heading.default\">\n\t\t\t\t<div class=\"elementor-widget-container\">\n\t\t\t\t\t<h3 class=\"elementor-heading-title elementor-size-default\">Cofinancement et soutien<\/h3>\t\t\t\t<\/div>\n\t\t\t\t<\/div>\n\t\t\t\t<div class=\"elementor-element elementor-element-78a8143 Auflistung elementor-invisible elementor-widget elementor-widget-text-editor\" data-id=\"78a8143\" data-element_type=\"widget\" data-e-type=\"widget\" data-settings=\"{&quot;_animation&quot;:&quot;fadeIn&quot;,&quot;_animation_delay&quot;:300}\" data-widget_type=\"text-editor.default\">\n\t\t\t\t<div class=\"elementor-widget-container\">\n\t\t\t\t\t\t\t\t\t<ul><li>Fondation Sophie et Karl Binding<\/li><li>Bristol-Stiftung<\/li><li>Fondation Paul Schiller<\/li><\/ul>\t\t\t\t\t\t\t\t<\/div>\n\t\t\t\t<\/div>\n\t\t\t\t<\/div>\n\t\t\t\t<\/div>\n\t\t\t\t<\/div>\n\t\t<div class=\"elementor-element elementor-element-711c199 e-con-full e-flex e-con e-child\" data-id=\"711c199\" data-element_type=\"container\" data-e-type=\"container\">\n\t\t\t\t<div class=\"elementor-element elementor-element-3ef368f elementor-invisible elementor-widget elementor-widget-heading\" data-id=\"3ef368f\" data-element_type=\"widget\" data-e-type=\"widget\" data-settings=\"{&quot;_animation&quot;:&quot;fadeInUp&quot;}\" data-widget_type=\"heading.default\">\n\t\t\t\t<div class=\"elementor-widget-container\">\n\t\t\t\t\t<h3 class=\"elementor-heading-title elementor-size-default\">Comit\u00e9 d\u2019organisation<\/h3>\t\t\t\t<\/div>\n\t\t\t\t<\/div>\n\t\t\t\t<div class=\"elementor-element elementor-element-bb49296 Auflistung elementor-invisible elementor-widget elementor-widget-text-editor\" data-id=\"bb49296\" data-element_type=\"widget\" data-e-type=\"widget\" data-settings=\"{&quot;_animation&quot;:&quot;fadeIn&quot;,&quot;_animation_delay&quot;:300}\" data-widget_type=\"text-editor.default\">\n\t\t\t\t<div class=\"elementor-widget-container\">\n\t\t\t\t\t\t\t\t\t<ul class=\"tableStyle\"><li><span class=\"cell_name\">Urs Steiger (<span class=\"cell_funktion\">Pr\u00e9sident)<\/span><br><\/span><span class=\"cell_institut\">Curatorium Forum paysage, Alpes, parcs<\/span><\/li><li><span class=\"cell_name\">Anea Schmidlin <br><\/span><span class=\"cell_institut\">Bureau du Forum paysage, Alpes, parcs<\/span><\/li><li><span class=\"cell_name\">Maarit Str\u00f6bele <br><\/span><span class=\"cell_institut\">Bureau du Forum paysage, Alpes, parcs<\/span><\/li><li><span class=\"cell_name\">S\u00e9bastien Beuchat<br><\/span><span class=\"cell_institut\">Canton de Vaud<\/span><\/li><li><span class=\"cell_name\">Natacha Guillaumont<br><\/span><span class=\"cell_institut\"><span class=\"cell_institut\">HEPIA<\/span><\/span><\/li><li><span class=\"cell_name\">Roman Hapka<br><\/span><span class=\"cell_institut\">Fondation suisse pour la protection et l\u2019am\u00e9nagement du paysage<\/span><\/li><li><span class=\"cell_name\">Marcel Hunziker<br><\/span><span class=\"cell_institut\">WSL, Curatorium Forum paysage, Alpes, parcs<\/span><\/li><li><span class=\"cell_name\">Claudia Moll<br><\/span><span class=\"cell_institut\">OFEV<\/span><\/li><li><span class=\"cell_name\">Hans-Michael Schmitt<br><\/span><span class=\"cell_institut\">Institut pour le paysage et les espaces libres ILF, haute \u00e9cole technique de Rapperswil<\/span><\/li><li><span class=\"cell_name\">Peter Wullschleger<br><\/span><span class=\"cell_institut\">FSAP, Curatorium Forum paysage, Alpes, parcs<\/span><\/li><\/ul>\t\t\t\t\t\t\t\t<\/div>\n\t\t\t\t<\/div>\n\t\t\t\t<\/div>\n\t\t<div class=\"elementor-element elementor-element-334198b e-con-full e-flex e-con e-child\" data-id=\"334198b\" data-element_type=\"container\" data-e-type=\"container\">\n\t\t\t\t<div class=\"elementor-element elementor-element-a1f3687 elementor-invisible elementor-widget elementor-widget-heading\" data-id=\"a1f3687\" data-element_type=\"widget\" data-e-type=\"widget\" data-settings=\"{&quot;_animation&quot;:&quot;fadeInUp&quot;}\" data-widget_type=\"heading.default\">\n\t\t\t\t<div class=\"elementor-widget-container\">\n\t\t\t\t\t<h3 class=\"elementor-heading-title elementor-size-default\">Organisation du congr\u00e8s<\/h3>\t\t\t\t<\/div>\n\t\t\t\t<\/div>\n\t\t<div class=\"elementor-element elementor-element-b158d68 e-con-full e-flex e-con e-child\" data-id=\"b158d68\" data-element_type=\"container\" data-e-type=\"container\">\n\t\t<div class=\"elementor-element elementor-element-0f0bcbf e-con-full e-flex e-con e-child\" data-id=\"0f0bcbf\" data-element_type=\"container\" data-e-type=\"container\">\n\t\t\t\t<div class=\"elementor-element elementor-element-ad3b68a elementor-invisible elementor-widget elementor-widget-heading\" data-id=\"ad3b68a\" data-element_type=\"widget\" data-e-type=\"widget\" data-settings=\"{&quot;_animation&quot;:&quot;fadeInUp&quot;}\" data-widget_type=\"heading.default\">\n\t\t\t\t<div class=\"elementor-widget-container\">\n\t\t\t\t\t<h4 class=\"elementor-heading-title elementor-size-default\">Forum paysage, Alpes, parcs<\/h4>\t\t\t\t<\/div>\n\t\t\t\t<\/div>\n\t\t\t\t<div class=\"elementor-element elementor-element-933df19 Auflistung elementor-invisible elementor-widget elementor-widget-text-editor\" data-id=\"933df19\" data-element_type=\"widget\" data-e-type=\"widget\" data-settings=\"{&quot;_animation&quot;:&quot;fadeIn&quot;,&quot;_animation_delay&quot;:300}\" data-widget_type=\"text-editor.default\">\n\t\t\t\t<div class=\"elementor-widget-container\">\n\t\t\t\t\t\t\t\t\t<ul><li><span class=\"cell_name\">Anea Schmidlin<\/span><\/li><li><span class=\"cell_name\">Maarit Str\u00f6bele<\/span><\/li><\/ul>\t\t\t\t\t\t\t\t<\/div>\n\t\t\t\t<\/div>\n\t\t\t\t<\/div>\n\t\t\t\t<\/div>\n\t\t\t\t<\/div>\n\t\t\t\t\t<\/div>\n\t\t\t\t<\/div>\n\t\t\t\t<\/div>\n\t\t","protected":false},"excerpt":{"rendered":"<p>Instances responsables \u2013 2e congr\u00e8s du paysage Le 2e congr\u00e8s du paysage est organis\u00e9 par le Forum paysage, Alpes, parcs (SCNAT) avec les instances responsables et les partenaires suivants: Instances responsables Office f\u00e9d\u00e9ral de l\u2019environmement OFEV Office f\u00e9d\u00e9ral de l\u2019agriculture Office f\u00e9d\u00e9ral de la culture OFC Office f\u00e9d\u00e9ral du d\u00e9veloppement territorial ARE Canton de Vaud [&hellip;]<\/p>\n","protected":false},"author":1,"featured_media":0,"parent":0,"menu_order":0,"comment_status":"closed","ping_status":"closed","template":"","meta":{"footnotes":""},"class_list":["post-833","page","type-page","status-publish","hentry"],"_links":{"self":[{"href":"https:\/\/congrespaysage.ch\/2020\/wp-json\/wp\/v2\/pages\/833","targetHints":{"allow":["GET"]}}],"collection":[{"href":"https:\/\/congrespaysage.ch\/2020\/wp-json\/wp\/v2\/pages"}],"about":[{"href":"https:\/\/congrespaysage.ch\/2020\/wp-json\/wp\/v2\/types\/page"}],"author":[{"embeddable":true,"href":"https:\/\/congrespaysage.ch\/2020\/wp-json\/wp\/v2\/users\/1"}],"replies":[{"embeddable":true,"href":"https:\/\/congrespaysage.ch\/2020\/wp-json\/wp\/v2\/comments?post=833"}],"version-history":[{"count":15,"href":"https:\/\/congrespaysage.ch\/2020\/wp-json\/wp\/v2\/pages\/833\/revisions"}],"predecessor-version":[{"id":997,"href":"https:\/\/congrespaysage.ch\/2020\/wp-json\/wp\/v2\/pages\/833\/revisions\/997"}],"wp:attachment":[{"href":"https:\/\/congrespaysage.ch\/2020\/wp-json\/wp\/v2\/media?parent=833"}],"curies":[{"name":"wp","href":"https:\/\/api.w.org\/{rel}","templated":true}]}}